{"id":6732,"date":"2022-11-16T14:07:16","date_gmt":"2022-11-16T13:07:16","guid":{"rendered":"https:\/\/imission.world\/2-aimer-et-vivre-selon-lexemple-de-jesus\/"},"modified":"2023-01-30T09:48:11","modified_gmt":"2023-01-30T08:48:11","slug":"2-aimer-et-vivre-selon-lexemple-de-jesus","status":"publish","type":"page","link":"https:\/\/imission.world\/fr\/2-aimer-et-vivre-selon-lexemple-de-jesus\/","title":{"rendered":"2 Aimer et vivre selon l&rsquo;exemple de J\u00e9sus"},"content":{"rendered":"<p>[et_pb_section fb_built=\u00a0\u00bb1&Prime; _builder_version=\u00a0\u00bb4.18.1&Prime; _module_preset=\u00a0\u00bbdefault\u00a0\u00bb global_colors_info=\u00a0\u00bb{}\u00a0\u00bb][et_pb_row _builder_version=\u00a0\u00bb4.19.0&Prime; _module_preset=\u00a0\u00bbc570ae4b-1bff-46e8-9f84-6a46beab78da\u00a0\u00bb global_colors_info=\u00a0\u00bb{}\u00a0\u00bb][et_pb_column type=\u00a0\u00bb4_4&Prime; _builder_version=\u00a0\u00bb4.18.1&Prime; _module_preset=\u00a0\u00bbdefault\u00a0\u00bb global_colors_info=\u00a0\u00bb{}\u00a0\u00bb][et_pb_text _builder_version=\u00a0\u00bb4.19.0&Prime; _dynamic_attributes=\u00a0\u00bbcontent\u00a0\u00bb _module_preset=\u00a0\u00bb1b29eb36-f294-49f3-8e20-40577db239f4&Prime; link_font=\u00a0\u00bb||||on||||\u00a0\u00bb link_text_color=\u00a0\u00bb#000000&Prime; global_colors_info=\u00a0\u00bb{}\u00a0\u00bb]@ET-DC@eyJkeW5hbWljIjp0cnVlLCJjb250ZW50IjoicG9zdF90aXRsZSIsInNldHRpbmdzIjp7ImJlZm9yZSI6IjxhIGhyZWY9XCJcL1wiPlBhZ2UgZCdhY2N1ZWlsPFwvYT4gXC8gIiwiYWZ0ZXIiOiIifX0=@[\/et_pb_text][\/et_pb_column][\/et_pb_row][et_pb_row module_class=\u00a0\u00bbtesela-titulo\u00a0\u00bb _builder_version=\u00a0\u00bb4.19.0&Prime; _module_preset=\u00a0\u00bbdefault\u00a0\u00bb background_color=\u00a0\u00bb#ffe9ce\u00a0\u00bb custom_padding=\u00a0\u00bb140px|37px|140px|37px|true|true\u00a0\u00bb border_radii=\u00a0\u00bbon|10px|10px|10px|10px\u00a0\u00bb global_colors_info=\u00a0\u00bb{}\u00a0\u00bb][et_pb_column type=\u00a0\u00bb4_4&Prime; _builder_version=\u00a0\u00bb4.18.1&Prime; _module_preset=\u00a0\u00bbdefault\u00a0\u00bb global_colors_info=\u00a0\u00bb{}\u00a0\u00bb][et_pb_text _builder_version=\u00a0\u00bb4.19.0&Prime; _module_preset=\u00a0\u00bbdefault\u00a0\u00bb global_colors_info=\u00a0\u00bb{}\u00a0\u00bb]<\/p>\n<h1>Aimer et vivre selon l&rsquo;exemple de J\u00e9sus<\/h1>\n<p>[\/et_pb_text][\/et_pb_column][\/et_pb_row][\/et_pb_section][et_pb_section fb_built=\u00a0\u00bb1&Prime; _builder_version=\u00a0\u00bb4.18.1&Prime; _module_preset=\u00a0\u00bbdefault\u00a0\u00bb global_colors_info=\u00a0\u00bb{}\u00a0\u00bb][et_pb_row column_structure=\u00a0\u00bb2_5,3_5&Prime; gutter_width=\u00a0\u00bb3&Prime; module_class=\u00a0\u00bbtesela-conclusiones\u00a0\u00bb _builder_version=\u00a0\u00bb4.19.0&Prime; _module_preset=\u00a0\u00bbdefault\u00a0\u00bb global_colors_info=\u00a0\u00bb{}\u00a0\u00bb][et_pb_column type=\u00a0\u00bb2_5&Prime; _builder_version=\u00a0\u00bb4.18.1&Prime; _module_preset=\u00a0\u00bbdefault\u00a0\u00bb global_colors_info=\u00a0\u00bb{}\u00a0\u00bb][et_pb_text _builder_version=\u00a0\u00bb4.19.0&Prime; _module_preset=\u00a0\u00bbdefault\u00a0\u00bb global_colors_info=\u00a0\u00bb{}\u00a0\u00bb]<\/p>\n<h4>L&rsquo;authenticit\u00e9 dans le comportement des chr\u00e9tiens, qui eux aussi sont l&rsquo;\u00c9glise (16%)<\/h4>\n<p>[\/et_pb_text][\/et_pb_column][et_pb_column type=\u00a0\u00bb3_5&Prime; _builder_version=\u00a0\u00bb4.18.1&Prime; _module_preset=\u00a0\u00bbdefault\u00a0\u00bb global_colors_info=\u00a0\u00bb{}\u00a0\u00bb][et_pb_text _builder_version=\u00a0\u00bb4.19.0&Prime; _module_preset=\u00a0\u00bb1b29eb36-f294-49f3-8e20-40577db239f4&Prime; background_color=\u00a0\u00bb#ffe9ce\u00a0\u00bb custom_margin=\u00a0\u00bb0px||24px||false|false\u00a0\u00bb custom_padding=\u00a0\u00bb30px|30px|30px|30px|true|true\u00a0\u00bb border_radii=\u00a0\u00bbon|10px|10px|10px|10px\u00a0\u00bb global_colors_info=\u00a0\u00bb{}\u00a0\u00bb]<\/p>\n<p>1. \u00c0 la recherche d&rsquo;une authenticit\u00e9 personnelle et collective par rapport \u00e0 ce que J\u00e9sus a enseign\u00e9<\/p>\n<p>[\/et_pb_text][et_pb_text _builder_version=\u00a0\u00bb4.19.0&Prime; _module_preset=\u00a0\u00bb1b29eb36-f294-49f3-8e20-40577db239f4&Prime; background_color=\u00a0\u00bb#ffe9ce\u00a0\u00bb custom_margin=\u00a0\u00bb0px||24px||false|false\u00a0\u00bb custom_padding=\u00a0\u00bb30px|30px|30px|30px|true|true\u00a0\u00bb border_radii=\u00a0\u00bbon|10px|10px|10px|10px\u00a0\u00bb global_colors_info=\u00a0\u00bb{}\u00a0\u00bb]<\/p>\n<p>2. Contribuer \u00e0 renforcer les communaut\u00e9s et \u00e0 les rendre authentiques, cr\u00e9dibles, o\u00f9 les gens s&rsquo;aiment comme J\u00e9sus l&rsquo;a enseign\u00e9 et ainsi \u00ab\u00a0le monde peut croire\u00a0\u00bb<\/p>\n<p>[\/et_pb_text][et_pb_text _builder_version=\u00a0\u00bb4.19.0&Prime; _module_preset=\u00a0\u00bb1b29eb36-f294-49f3-8e20-40577db239f4&Prime; background_color=\u00a0\u00bb#ffe9ce\u00a0\u00bb custom_margin=\u00a0\u00bb0px||24px||false|false\u00a0\u00bb custom_padding=\u00a0\u00bb30px|30px|30px|30px|true|true\u00a0\u00bb border_radii=\u00a0\u00bbon|10px|10px|10px|10px\u00a0\u00bb global_colors_info=\u00a0\u00bb{}\u00a0\u00bb]<\/p>\n<p>3. La Hi\u00e9rarchie, qui doit \u00eatre la premi\u00e8re \u00e0 donner l&rsquo;exemple. L&rsquo;incoh\u00e9rence est mal tol\u00e9r\u00e9e.<\/p>\n<p>[\/et_pb_text][et_pb_text _builder_version=\u00a0\u00bb4.19.0&Prime; _module_preset=\u00a0\u00bb1b29eb36-f294-49f3-8e20-40577db239f4&Prime; background_color=\u00a0\u00bb#ffe9ce\u00a0\u00bb custom_margin=\u00a0\u00bb0px||24px||false|false\u00a0\u00bb custom_padding=\u00a0\u00bb30px|30px|30px|30px|true|true\u00a0\u00bb border_radii=\u00a0\u00bbon|10px|10px|10px|10px\u00a0\u00bb global_colors_info=\u00a0\u00bb{}\u00a0\u00bb]<\/p>\n<p>4. Suivre J\u00e9sus, ce n&rsquo;est pas \u00eatre un pharisien qui respecte la loi et critique ceux qui ne la respectent pas.<\/p>\n<p>[\/et_pb_text][et_pb_text _builder_version=\u00a0\u00bb4.19.0&Prime; _module_preset=\u00a0\u00bb1b29eb36-f294-49f3-8e20-40577db239f4&Prime; background_color=\u00a0\u00bb#ffe9ce\u00a0\u00bb custom_margin=\u00a0\u00bb0px||24px||false|false\u00a0\u00bb custom_padding=\u00a0\u00bb30px|30px|30px|30px|true|true\u00a0\u00bb border_radii=\u00a0\u00bbon|10px|10px|10px|10px\u00a0\u00bb global_colors_info=\u00a0\u00bb{}\u00a0\u00bb]<\/p>\n<p>5. Nous devons aimer et servir comme J\u00e9sus l&rsquo;a fait. Avec simplicit\u00e9 et humilit\u00e9, pour tous. Se demandant ce qu&rsquo;Il ferait<\/p>\n<p>[\/et_pb_text][et_pb_text _builder_version=\u00a0\u00bb4.19.0&Prime; _module_preset=\u00a0\u00bb1b29eb36-f294-49f3-8e20-40577db239f4&Prime; background_color=\u00a0\u00bb#ffe9ce\u00a0\u00bb custom_margin=\u00a0\u00bb0px||24px||false|false\u00a0\u00bb custom_padding=\u00a0\u00bb30px|30px|30px|30px|true|true\u00a0\u00bb border_radii=\u00a0\u00bbon|10px|10px|10px|10px\u00a0\u00bb global_colors_info=\u00a0\u00bb{}\u00a0\u00bb]<\/p>\n<p>6. Parler de J\u00e9sus aux autres est un moyen d&rsquo;avancer. Non seulement pour mieux le conna\u00eetre, mais aussi pour partager, commenter, contraster avec d&rsquo;autres.<\/p>\n<p>[\/et_pb_text][\/et_pb_column][\/et_pb_row][\/et_pb_section][et_pb_section fb_built=\u00a0\u00bb1&Prime; module_class=\u00a0\u00bbtesela-voz-participantes\u00a0\u00bb _builder_version=\u00a0\u00bb4.19.0&Prime; _module_preset=\u00a0\u00bbdefault\u00a0\u00bb global_colors_info=\u00a0\u00bb{}\u00a0\u00bb][et_pb_row _builder_version=\u00a0\u00bb4.18.1&Prime; _module_preset=\u00a0\u00bbdefault\u00a0\u00bb global_colors_info=\u00a0\u00bb{}\u00a0\u00bb][et_pb_column type=\u00a0\u00bb4_4&Prime; _builder_version=\u00a0\u00bb4.18.1&Prime; _module_preset=\u00a0\u00bbdefault\u00a0\u00bb global_colors_info=\u00a0\u00bb{}\u00a0\u00bb][et_pb_text _builder_version=\u00a0\u00bb4.18.1&Prime; _module_preset=\u00a0\u00bbdefault\u00a0\u00bb text_orientation=\u00a0\u00bbcenter\u00a0\u00bb custom_margin=\u00a0\u00bb||0px||false|false\u00a0\u00bb global_colors_info=\u00a0\u00bb{}\u00a0\u00bb]<\/p>\n<h2>La voix des participants<\/h2>\n<p>[\/et_pb_text][\/et_pb_column][\/et_pb_row][et_pb_row custom_padding_last_edited=\u00a0\u00bbon|phone\u00a0\u00bb _builder_version=\u00a0\u00bb4.19.0&Prime; _module_preset=\u00a0\u00bbdefault\u00a0\u00bb background_color=\u00a0\u00bb#eaeaea\u00a0\u00bb custom_margin=\u00a0\u00bb||24px||false|false\u00a0\u00bb custom_padding=\u00a0\u00bb60px|90px|60px|90px|true|true\u00a0\u00bb custom_padding_tablet=\u00a0\u00bb60px|90px|60px|90px|true|true\u00a0\u00bb custom_padding_phone=\u00a0\u00bb|32px||32px|false|true\u00a0\u00bb border_radii=\u00a0\u00bbon|10px|10px|10px|10px\u00a0\u00bb global_colors_info=\u00a0\u00bb{}\u00a0\u00bb][et_pb_column type=\u00a0\u00bb4_4&Prime; _builder_version=\u00a0\u00bb4.18.1&Prime; _module_preset=\u00a0\u00bbdefault\u00a0\u00bb global_colors_info=\u00a0\u00bb{}\u00a0\u00bb][et_pb_text _builder_version=\u00a0\u00bb4.19.0&Prime; _module_preset=\u00a0\u00bbdefault\u00a0\u00bb global_colors_info=\u00a0\u00bb{}\u00a0\u00bb]<\/p>\n<p>\u201cPromouvoir plus activement la justice sociale et l&rsquo;option pr\u00e9f\u00e9rentielle pour les pauvres avec des paroles plus claires, mais surtout avec des actes\u00a0\u00bb.<\/p>\n<p>[\/et_pb_text][\/et_pb_column][\/et_pb_row][et_pb_row custom_padding_last_edited=\u00a0\u00bbon|phone\u00a0\u00bb _builder_version=\u00a0\u00bb4.18.1&Prime; _module_preset=\u00a0\u00bbdefault\u00a0\u00bb background_color=\u00a0\u00bb#eaeaea\u00a0\u00bb custom_margin=\u00a0\u00bb||24px||false|false\u00a0\u00bb custom_padding=\u00a0\u00bb60px|90px|60px|90px|true|true\u00a0\u00bb custom_padding_tablet=\u00a0\u00bb60px|90px|60px|90px|true|true\u00a0\u00bb custom_padding_phone=\u00a0\u00bb|32px||32px|false|true\u00a0\u00bb border_radii=\u00a0\u00bbon|10px|10px|10px|10px\u00a0\u00bb global_colors_info=\u00a0\u00bb{}\u00a0\u00bb][et_pb_column type=\u00a0\u00bb4_4&Prime; _builder_version=\u00a0\u00bb4.18.1&Prime; _module_preset=\u00a0\u00bbdefault\u00a0\u00bb global_colors_info=\u00a0\u00bb{}\u00a0\u00bb][et_pb_text _builder_version=\u00a0\u00bb4.19.0&Prime; _module_preset=\u00a0\u00bbdefault\u00a0\u00bb global_colors_info=\u00a0\u00bb{}\u00a0\u00bb]<\/p>\n<p>\u00ab\u00a0Comme l&rsquo;a dit le pape Fran\u00e7ois, regarder les autres comme J\u00e9sus le fait et c&rsquo;est tr\u00e8s difficile&#8230;.. mais si nous n&rsquo;aimons que ceux qui nous aiment, que faisons-nous d&rsquo;extraordinaire&#8230; nous devons garder cela \u00e0 l&rsquo;esprit tous les jours et avec chaque personne\u00a0\u00bb<\/p>\n<p>[\/et_pb_text][\/et_pb_column][\/et_pb_row][et_pb_row custom_padding_last_edited=\u00a0\u00bbon|phone\u00a0\u00bb _builder_version=\u00a0\u00bb4.18.1&Prime; _module_preset=\u00a0\u00bbdefault\u00a0\u00bb background_color=\u00a0\u00bb#eaeaea\u00a0\u00bb custom_margin=\u00a0\u00bb||24px||false|false\u00a0\u00bb custom_padding=\u00a0\u00bb60px|90px|60px|90px|true|true\u00a0\u00bb custom_padding_tablet=\u00a0\u00bb60px|90px|60px|90px|true|true\u00a0\u00bb custom_padding_phone=\u00a0\u00bb|32px||32px|false|true\u00a0\u00bb border_radii=\u00a0\u00bbon|10px|10px|10px|10px\u00a0\u00bb global_colors_info=\u00a0\u00bb{}\u00a0\u00bb][et_pb_column type=\u00a0\u00bb4_4&Prime; _builder_version=\u00a0\u00bb4.18.1&Prime; _module_preset=\u00a0\u00bbdefault\u00a0\u00bb global_colors_info=\u00a0\u00bb{}\u00a0\u00bb][et_pb_text _builder_version=\u00a0\u00bb4.19.0&Prime; _module_preset=\u00a0\u00bbdefault\u00a0\u00bb global_colors_info=\u00a0\u00bb{}\u00a0\u00bb]<\/p>\n<p>\u00ab\u00a0Que nos bergers soient plus proches et plus ouverts aux brebis, qu&rsquo;ils suivent l&rsquo;exemple du berger par excellence, en veillant au bien des moutons au lieu de les maltraiter\u00a0\u00bb<\/p>\n<p>[\/et_pb_text][\/et_pb_column][\/et_pb_row][et_pb_row custom_padding_last_edited=\u00a0\u00bbon|phone\u00a0\u00bb _builder_version=\u00a0\u00bb4.18.1&Prime; _module_preset=\u00a0\u00bbdefault\u00a0\u00bb background_color=\u00a0\u00bb#eaeaea\u00a0\u00bb custom_margin=\u00a0\u00bb||24px||false|false\u00a0\u00bb custom_padding=\u00a0\u00bb60px|90px|60px|90px|true|true\u00a0\u00bb custom_padding_tablet=\u00a0\u00bb60px|90px|60px|90px|true|true\u00a0\u00bb custom_padding_phone=\u00a0\u00bb|32px||32px|false|true\u00a0\u00bb border_radii=\u00a0\u00bbon|10px|10px|10px|10px\u00a0\u00bb global_colors_info=\u00a0\u00bb{}\u00a0\u00bb][et_pb_column type=\u00a0\u00bb4_4&Prime; _builder_version=\u00a0\u00bb4.18.1&Prime; _module_preset=\u00a0\u00bbdefault\u00a0\u00bb global_colors_info=\u00a0\u00bb{}\u00a0\u00bb][et_pb_text _builder_version=\u00a0\u00bb4.19.0&Prime; _module_preset=\u00a0\u00bbdefault\u00a0\u00bb global_colors_info=\u00a0\u00bb{}\u00a0\u00bb]<\/p>\n<p>\u00ab\u00a0Congruence des pr\u00eatres entre ce qu&rsquo;ils pr\u00eachent et ce qu&rsquo;ils font. Plus de formation dans les s\u00e9minaires. Des processus de s\u00e9lection plus s\u00e9rieux et plus syst\u00e9matiques pour les s\u00e9minaristes et les candidats \u00e0 la pr\u00eatrise\u00a0\u00bb<\/p>\n<p>[\/et_pb_text][\/et_pb_column][\/et_pb_row][\/et_pb_section][et_pb_section fb_built=\u00a0\u00bb1&Prime; module_class=\u00a0\u00bbtesela-voces-misioneros\u00a0\u00bb _builder_version=\u00a0\u00bb4.19.0&Prime; _module_preset=\u00a0\u00bbdefault\u00a0\u00bb global_colors_info=\u00a0\u00bb{}\u00a0\u00bb][et_pb_row _builder_version=\u00a0\u00bb4.18.1&Prime; _module_preset=\u00a0\u00bbdefault\u00a0\u00bb global_colors_info=\u00a0\u00bb{}\u00a0\u00bb][et_pb_column type=\u00a0\u00bb4_4&Prime; _builder_version=\u00a0\u00bb4.18.1&Prime; _module_preset=\u00a0\u00bbdefault\u00a0\u00bb global_colors_info=\u00a0\u00bb{}\u00a0\u00bb][et_pb_text _builder_version=\u00a0\u00bb4.19.0&Prime; _module_preset=\u00a0\u00bbdefault\u00a0\u00bb header_3_text_color=\u00a0\u00bb#ffc77c\u00a0\u00bb text_orientation=\u00a0\u00bbcenter\u00a0\u00bb global_colors_info=\u00a0\u00bb{}\u00a0\u00bb]<\/p>\n<h3>La voix des missionnaires<\/h3>\n<p>[\/et_pb_text][\/et_pb_column][\/et_pb_row][et_pb_row column_structure=\u00a0\u00bb1_2,1_2&Prime; _builder_version=\u00a0\u00bb4.19.0&Prime; _module_preset=\u00a0\u00bbdefault\u00a0\u00bb custom_margin=\u00a0\u00bb||24px||false|false\u00a0\u00bb custom_padding=\u00a0\u00bb||0px||false|false\u00a0\u00bb global_colors_info=\u00a0\u00bb{}\u00a0\u00bb][et_pb_column type=\u00a0\u00bb1_2&Prime; _builder_version=\u00a0\u00bb4.19.0&Prime; _module_preset=\u00a0\u00bbdefault\u00a0\u00bb global_colors_info=\u00a0\u00bb{}\u00a0\u00bb][et_pb_blurb title=\u00a0\u00bbEst-ce qu&#039;il suffit d&#039;aller \u00e0 la messe pour \u00eatre un croyant pratiquant?\u00a0\u00bb url=\u00a0\u00bbhttps:\/\/www.tiktok.com\/@xiskya\/video\/7080960403408260358?is_from_webapp=1&amp;sender_device=pc&amp;web_id=7135813605698487813&Prime; image=\u00a0\u00bbhttps:\/\/imission.world\/wp-content\/uploads\/2022\/10\/Profile-X-FB-1.jpg\u00a0\u00bb alt=\u00a0\u00bbXiskya Valladares\u00a0\u00bb _builder_version=\u00a0\u00bb4.19.0&Prime; _module_preset=\u00a0\u00bb0e0ebbec-6bfd-476c-8992-cc691e2f5737&Prime; custom_padding=\u00a0\u00bb||||false|false\u00a0\u00bb global_colors_info=\u00a0\u00bb{}\u00a0\u00bb]<\/p>\n<div class=\"raw_components--panel--3IcXg inspect_panels--inspectionPanel--3Wboz\" tabindex=\"-1\">\n<div>\n<div class=\"inspect_panels--copyableRow--2_PiZ inspect_panels--highlightRow--21P9S\">\n<div class=\"inspect_panels--propertyRowContent--7Y-mu inspect_panels--copyableRow--2_PiZ inspect_panels--highlightRow--21P9S\">\n<div class=\"inspect_panels--contentProperty--2Z1QI text--fontPos11--RSei3 text--_fontBase--YWDo0 ellipsis--ellipsisAfter8Lines--2rn32 ellipsis--_ellipsisAfterNLines--26JkZ\" dir=\"auto\">Hna. Xiskya Valladares<\/div>\n<\/div>\n<\/div>\n<\/div>\n<\/div>\n<div class=\"raw_components--panel--3IcXg inspect_panels--inspectionPanel--3Wboz\" tabindex=\"-1\">\n<div class=\"inspect_panels--panelTitle--3gfc2 text--fontPos11--RSei3 text--_fontBase--YWDo0\">\n<div class=\"inspect_panels--panelCopyActionControls--2t-sz\"><\/div>\n<\/div>\n<div>\n<div class=\"inspect_panels--typographySection--36LoJ\">\n<div class=\"inspect_panels--copyableRow--2_PiZ inspect_panels--highlightRow--21P9S\">\n<div class=\"inspect_panels--typographyPropertyRowNarrow--3eJzo inspect_panels--propertyRowNarrow--Fu5t3 inspect_panels--basePropertyRow--2wZBE inspect_panels--_basePropertyRow--1ag7b\">\n<div><\/div>\n<\/div>\n<\/div>\n<\/div>\n<\/div>\n<\/div>\n<p>[\/et_pb_blurb][\/et_pb_column][et_pb_column type=\u00a0\u00bb1_2&Prime; _builder_version=\u00a0\u00bb4.19.0&Prime; _module_preset=\u00a0\u00bbdefault\u00a0\u00bb global_colors_info=\u00a0\u00bb{}\u00a0\u00bb][et_pb_blurb title=\u00a0\u00bbAmour de Dieu et amour du prochain\u00a0\u00bb url=\u00a0\u00bbhttps:\/\/www.instagram.com\/p\/Cg4Bg8IMLcY\/?igshid=MDJmNzVkMjY\u00a0\u00bb image=\u00a0\u00bbhttps:\/\/imission.world\/wp-content\/uploads\/2022\/11\/pezandona-310-1.jpeg\u00a0\u00bb _builder_version=\u00a0\u00bb4.19.0&Prime; _module_preset=\u00a0\u00bb0e0ebbec-6bfd-476c-8992-cc691e2f5737&Prime; custom_padding=\u00a0\u00bb||||false|false\u00a0\u00bb global_colors_info=\u00a0\u00bb{}\u00a0\u00bb]<\/p>\n<div class=\"raw_components--panel--3IcXg inspect_panels--inspectionPanel--3Wboz\" tabindex=\"-1\">\n<div class=\"inspect_panels--copyableRow--2_PiZ inspect_panels--highlightRow--21P9S\">\n<div class=\"inspect_panels--propertyRowContent--7Y-mu inspect_panels--copyableRow--2_PiZ inspect_panels--highlightRow--21P9S\">\n<div class=\"inspect_panels--contentProperty--2Z1QI text--fontPos11--RSei3 text--_fontBase--YWDo0 ellipsis--ellipsisAfter8Lines--2rn32 ellipsis--_ellipsisAfterNLines--26JkZ\" dir=\"auto\">\n<p>Padre Antonio Zandona<\/p>\n<\/div>\n<\/div>\n<\/div>\n<\/div>\n<div class=\"raw_components--panel--3IcXg inspect_panels--inspectionPanel--3Wboz\" tabindex=\"-1\">\n<div class=\"inspect_panels--panelTitle--3gfc2 text--fontPos11--RSei3 text--_fontBase--YWDo0\">\n<div class=\"inspect_panels--panelCopyActionControls--2t-sz\"><\/div>\n<\/div>\n<div>\n<div class=\"inspect_panels--typographySection--36LoJ\">\n<div class=\"inspect_panels--copyableRow--2_PiZ inspect_panels--highlightRow--21P9S\">\n<div class=\"inspect_panels--typographyPropertyRowNarrow--3eJzo inspect_panels--propertyRowNarrow--Fu5t3 inspect_panels--basePropertyRow--2wZBE inspect_panels--_basePropertyRow--1ag7b\">\n<div><\/div>\n<\/div>\n<\/div>\n<\/div>\n<\/div>\n<\/div>\n<p>[\/et_pb_blurb][\/et_pb_column][\/et_pb_row][et_pb_row column_structure=\u00a0\u00bb1_2,1_2&Prime; _builder_version=\u00a0\u00bb4.19.0&Prime; _module_preset=\u00a0\u00bbdefault\u00a0\u00bb custom_padding=\u00a0\u00bb0px|||||\u00a0\u00bb global_colors_info=\u00a0\u00bb{}\u00a0\u00bb][et_pb_column type=\u00a0\u00bb1_2&Prime; _builder_version=\u00a0\u00bb4.19.0&Prime; _module_preset=\u00a0\u00bbdefault\u00a0\u00bb global_colors_info=\u00a0\u00bb{}\u00a0\u00bb][\/et_pb_column][et_pb_column type=\u00a0\u00bb1_2&Prime; _builder_version=\u00a0\u00bb4.19.0&Prime; _module_preset=\u00a0\u00bbdefault\u00a0\u00bb global_colors_info=\u00a0\u00bb{}\u00a0\u00bb][\/et_pb_column][\/et_pb_row][\/et_pb_section][et_pb_section fb_built=\u00a0\u00bb1&Prime; module_class=\u00a0\u00bbtesela-evangelio\u00a0\u00bb _builder_version=\u00a0\u00bb4.19.0&Prime; _module_preset=\u00a0\u00bbdefault\u00a0\u00bb global_colors_info=\u00a0\u00bb{}\u00a0\u00bb][et_pb_row _builder_version=\u00a0\u00bb4.18.1&Prime; _module_preset=\u00a0\u00bbdefault\u00a0\u00bb global_colors_info=\u00a0\u00bb{}\u00a0\u00bb][et_pb_column type=\u00a0\u00bb4_4&Prime; _builder_version=\u00a0\u00bb4.18.1&Prime; _module_preset=\u00a0\u00bbdefault\u00a0\u00bb global_colors_info=\u00a0\u00bb{}\u00a0\u00bb][et_pb_text _builder_version=\u00a0\u00bb4.19.0&Prime; _module_preset=\u00a0\u00bbdefault\u00a0\u00bb text_orientation=\u00a0\u00bbcenter\u00a0\u00bb custom_margin=\u00a0\u00bb||0px||false|false\u00a0\u00bb global_colors_info=\u00a0\u00bb{}\u00a0\u00bb]<\/p>\n<h2>Le Magist\u00e8re, l&rsquo;\u00c9vangile<\/h2>\n<p>[\/et_pb_text][\/et_pb_column][\/et_pb_row][et_pb_row column_structure=\u00a0\u00bb2_5,3_5&Prime; gutter_width=\u00a0\u00bb4&Prime; custom_padding_last_edited=\u00a0\u00bbon|phone\u00a0\u00bb _builder_version=\u00a0\u00bb4.19.0&Prime; _module_preset=\u00a0\u00bbdefault\u00a0\u00bb custom_margin=\u00a0\u00bb0px||24px||false|false\u00a0\u00bb custom_padding=\u00a0\u00bb60px|100px|60px|100px|true|true\u00a0\u00bb custom_padding_tablet=\u00a0\u00bb60px|100px|60px|100px|true|true\u00a0\u00bb custom_padding_phone=\u00a0\u00bb|32px||32px|false|true\u00a0\u00bb border_radii=\u00a0\u00bbon|10px|10px|10px|10px\u00a0\u00bb border_width_all=\u00a0\u00bb1px\u00a0\u00bb border_color_all=\u00a0\u00bb#ffc77c\u00a0\u00bb global_colors_info=\u00a0\u00bb{}\u00a0\u00bb][et_pb_column type=\u00a0\u00bb2_5&Prime; _builder_version=\u00a0\u00bb4.19.0&Prime; _module_preset=\u00a0\u00bbdefault\u00a0\u00bb global_colors_info=\u00a0\u00bb{}\u00a0\u00bb][et_pb_image src=\u00a0\u00bbhttps:\/\/imission.world\/wp-content\/uploads\/2022\/11\/magisterium-icon.svg\u00a0\u00bb title_text=\u00a0\u00bbmagisterium-icon\u00a0\u00bb _builder_version=\u00a0\u00bb4.19.0&Prime; _module_preset=\u00a0\u00bbdefault\u00a0\u00bb global_colors_info=\u00a0\u00bb{}\u00a0\u00bb][\/et_pb_image][\/et_pb_column][et_pb_column type=\u00a0\u00bb3_5&Prime; _builder_version=\u00a0\u00bb4.19.0&Prime; _module_preset=\u00a0\u00bbdefault\u00a0\u00bb global_colors_info=\u00a0\u00bb{}\u00a0\u00bb][et_pb_text _builder_version=\u00a0\u00bb4.19.0&Prime; _module_preset=\u00a0\u00bbdefault\u00a0\u00bb header_3_text_color=\u00a0\u00bb#ffc77c\u00a0\u00bb global_colors_info=\u00a0\u00bb{}\u00a0\u00bb]<\/p>\n<h3>Le Magist\u00e8re<\/h3>\n<p>[\/et_pb_text][et_pb_text _builder_version=\u00a0\u00bb4.19.0&Prime; _module_preset=\u00a0\u00bbdefault\u00a0\u00bb global_colors_info=\u00a0\u00bb{}\u00a0\u00bb]<\/p>\n<p>\u201cSi nous cherchons des miracles nous ne trouverons pas J\u00e9sus \u2014, pas plus que qui cherche des sensations nouvelles, des exp\u00e9riences intimes, des choses \u00e9tranges ; qui cherche une foi faite de puissance et de signes ext\u00e9rieurs ne le trouvent pas. . Seuls le trouvent ceux qui acceptent ses mani\u00e8res et<br \/>ses d\u00e9fis, sans plainte, sans soup\u00e7on, sans critique et sans longues grimaces. En d\u2019autres termes, J\u00e9sus te demande de l\u2019accueillir dans la r\u00e9alit\u00e9 quotidienne que tu vis; dans l\u2019Eglise d\u2019aujourd\u2019hui, telle qu\u2019elle est; dans ceux qui te sont proches chaque jour; dans la r\u00e9alit\u00e9 de ceux qui sont dans le besoin, dans les probl\u00e8mes de ta famille, dans les parents, dans les enfants, dans les grands-parents, accueillir Dieu l\u00e0.\u201d<\/p>\n<p>Fuente: Pape Fran\u00e7ois. Audience du 30 janvier 2022<\/p>\n<p>[\/et_pb_text][\/et_pb_column][\/et_pb_row][et_pb_row column_structure=\u00a0\u00bb2_5,3_5&Prime; gutter_width=\u00a0\u00bb4&Prime; custom_padding_last_edited=\u00a0\u00bbon|phone\u00a0\u00bb _builder_version=\u00a0\u00bb4.19.0&Prime; _module_preset=\u00a0\u00bbdefault\u00a0\u00bb custom_margin=\u00a0\u00bb0px||24px||false|false\u00a0\u00bb custom_padding=\u00a0\u00bb60px|100px|60px|100px|true|true\u00a0\u00bb custom_padding_tablet=\u00a0\u00bb60px|100px|60px|100px|true|true\u00a0\u00bb custom_padding_phone=\u00a0\u00bb|32px||32px|false|true\u00a0\u00bb border_radii=\u00a0\u00bbon|10px|10px|10px|10px\u00a0\u00bb border_width_all=\u00a0\u00bb1px\u00a0\u00bb border_color_all=\u00a0\u00bb#ffc77c\u00a0\u00bb global_colors_info=\u00a0\u00bb{}\u00a0\u00bb][et_pb_column type=\u00a0\u00bb2_5&Prime; _builder_version=\u00a0\u00bb4.19.0&Prime; _module_preset=\u00a0\u00bbdefault\u00a0\u00bb global_colors_info=\u00a0\u00bb{}\u00a0\u00bb][et_pb_image src=\u00a0\u00bbhttps:\/\/imission.world\/wp-content\/uploads\/2022\/11\/evangelio-icon.svg\u00a0\u00bb title_text=\u00a0\u00bbevangelio-icon\u00a0\u00bb _builder_version=\u00a0\u00bb4.19.0&Prime; _module_preset=\u00a0\u00bbdefault\u00a0\u00bb global_colors_info=\u00a0\u00bb{}\u00a0\u00bb][\/et_pb_image][\/et_pb_column][et_pb_column type=\u00a0\u00bb3_5&Prime; _builder_version=\u00a0\u00bb4.19.0&Prime; _module_preset=\u00a0\u00bbdefault\u00a0\u00bb global_colors_info=\u00a0\u00bb{}\u00a0\u00bb][et_pb_text _builder_version=\u00a0\u00bb4.19.0&Prime; _module_preset=\u00a0\u00bbdefault\u00a0\u00bb header_3_text_color=\u00a0\u00bb#ffc77c\u00a0\u00bb global_colors_info=\u00a0\u00bb{}\u00a0\u00bb]<\/p>\n<h3>L&rsquo;\u00c9vangile<\/h3>\n<p>[\/et_pb_text][et_pb_text _builder_version=\u00a0\u00bb4.19.0&Prime; _module_preset=\u00a0\u00bbdefault\u00a0\u00bb global_colors_info=\u00a0\u00bb{}\u00a0\u00bb]<\/p>\n<p>\u201cQuiconque donc entend ces paroles que je dis, et les met en pratique, sera semblable \u00e0 un homme sens\u00e9, qui a b\u00e2ti sa maison sur le roc. (\u2026) \u00ab Celui qui les entend et n&rsquo;y ob\u00e9it pas est semblable \u00e0 un fou qui construit sa maison sur du sable\u00bb<\/p>\n<p>Matthieu 7, 24-27<\/p>\n<p>&nbsp;<\/p>\n<p>[\/et_pb_text][\/et_pb_column][\/et_pb_row][\/et_pb_section][et_pb_section fb_built=\u00a0\u00bb1&Prime; module_class=\u00a0\u00bbteselas-resultados\u00a0\u00bb _builder_version=\u00a0\u00bb4.19.0&Prime; _module_preset=\u00a0\u00bbdefault\u00a0\u00bb global_colors_info=\u00a0\u00bb{}\u00a0\u00bb][et_pb_row _builder_version=\u00a0\u00bb4.18.1&Prime; _module_preset=\u00a0\u00bbdefault\u00a0\u00bb global_colors_info=\u00a0\u00bb{}\u00a0\u00bb][et_pb_column type=\u00a0\u00bb4_4&Prime; _builder_version=\u00a0\u00bb4.18.1&Prime; _module_preset=\u00a0\u00bbdefault\u00a0\u00bb global_colors_info=\u00a0\u00bb{}\u00a0\u00bb][et_pb_text _builder_version=\u00a0\u00bb4.19.0&Prime; _module_preset=\u00a0\u00bbdefault\u00a0\u00bb text_orientation=\u00a0\u00bbcenter\u00a0\u00bb custom_margin=\u00a0\u00bb||0px||false|false\u00a0\u00bb global_colors_info=\u00a0\u00bb{}\u00a0\u00bb]<\/p>\n<h2>R\u00e9sultats des questionnaires<\/h2>\n<p>[\/et_pb_text][et_pb_text _builder_version=\u00a0\u00bb4.19.0&Prime; _module_preset=\u00a0\u00bb1e549f02-3b92-47b9-a21d-c95d72670240&Prime; text_orientation=\u00a0\u00bbcenter\u00a0\u00bb global_colors_info=\u00a0\u00bb{}\u00a0\u00bb]<\/p>\n<p>Parlez-vous de J\u00e9sus-Christ avec ceux qui vous entourent ?<\/p>\n<p>&nbsp;<\/p>\n<p>[\/et_pb_text][et_pb_text _builder_version=\u00a0\u00bb4.19.0&Prime; _module_preset=\u00a0\u00bbdefault\u00a0\u00bb header_3_text_color=\u00a0\u00bb#ffc77c\u00a0\u00bb text_orientation=\u00a0\u00bbcenter\u00a0\u00bb global_colors_info=\u00a0\u00bb{}\u00a0\u00bb]<\/p>\n<h3>Statistiques<\/h3>\n<p>[\/et_pb_text][\/et_pb_column][\/et_pb_row][et_pb_row _builder_version=\u00a0\u00bb4.19.0&Prime; _module_preset=\u00a0\u00bbdefault\u00a0\u00bb max_width=\u00a0\u00bb550px\u00a0\u00bb global_colors_info=\u00a0\u00bb{}\u00a0\u00bb][et_pb_column type=\u00a0\u00bb4_4&Prime; _builder_version=\u00a0\u00bb4.19.0&Prime; _module_preset=\u00a0\u00bbdefault\u00a0\u00bb global_colors_info=\u00a0\u00bb{}\u00a0\u00bb][et_pb_counters _builder_version=\u00a0\u00bb4.19.0&Prime; _module_preset=\u00a0\u00bbdefault\u00a0\u00bb global_colors_info=\u00a0\u00bb{}\u00a0\u00bb][et_pb_counter percent=\u00a0\u00bb62,7&Prime; _builder_version=\u00a0\u00bb4.19.0&Prime; _module_preset=\u00a0\u00bbdefault\u00a0\u00bb background_color=\u00a0\u00bbRGBA(255,255,255,0)\u00a0\u00bb background_enable_color=\u00a0\u00bbon\u00a0\u00bb global_colors_info=\u00a0\u00bb{}\u00a0\u00bb bar_background_color_default=\u00a0\u00bb#ffc77c\u00a0\u00bb use_percentages=\u00a0\u00bbon\u00a0\u00bb]Oui, en famille[\/et_pb_counter][et_pb_counter percent=\u00a0\u00bb57,1&Prime; _builder_version=\u00a0\u00bb4.19.0&Prime; _module_preset=\u00a0\u00bbdefault\u00a0\u00bb background_color=\u00a0\u00bbRGBA(255,255,255,0)\u00a0\u00bb background_enable_color=\u00a0\u00bbon\u00a0\u00bb global_colors_info=\u00a0\u00bb{}\u00a0\u00bb bar_background_color_default=\u00a0\u00bb#ffc77c\u00a0\u00bb use_percentages=\u00a0\u00bbon\u00a0\u00bb]Oui, avec des amis[\/et_pb_counter][et_pb_counter percent=\u00a0\u00bb36,7&Prime; _builder_version=\u00a0\u00bb4.19.0&Prime; _module_preset=\u00a0\u00bbdefault\u00a0\u00bb background_color=\u00a0\u00bbRGBA(255,255,255,0)\u00a0\u00bb background_enable_color=\u00a0\u00bbon\u00a0\u00bb global_colors_info=\u00a0\u00bb{}\u00a0\u00bb bar_background_color_default=\u00a0\u00bb#ffc77c\u00a0\u00bb use_percentages=\u00a0\u00bbon\u00a0\u00bb]Oui, dans la paroisse ou le groupe de foi[\/et_pb_counter][et_pb_counter percent=\u00a0\u00bb26,3&Prime; _builder_version=\u00a0\u00bb4.19.0&Prime; _module_preset=\u00a0\u00bbdefault\u00a0\u00bb background_color=\u00a0\u00bbRGBA(255,255,255,0)\u00a0\u00bb background_enable_color=\u00a0\u00bbon\u00a0\u00bb global_colors_info=\u00a0\u00bb{}\u00a0\u00bb bar_background_color_default=\u00a0\u00bb#ffc77c\u00a0\u00bb use_percentages=\u00a0\u00bbon\u00a0\u00bb]Oui, dans les r\u00e9seaux sociaux[\/et_pb_counter][\/et_pb_counters][\/et_pb_column][\/et_pb_row][et_pb_row column_structure=\u00a0\u00bb3_5,2_5&Prime; module_class=\u00a0\u00bbtesela-datos-cta-azul\u00a0\u00bb _builder_version=\u00a0\u00bb4.19.0&Prime; _module_preset=\u00a0\u00bbdefault\u00a0\u00bb background_color=\u00a0\u00bb#5f6db4&Prime; custom_padding=\u00a0\u00bb32px|32px|32px|32px|true|true\u00a0\u00bb border_radii=\u00a0\u00bbon|10px|10px|10px|10px\u00a0\u00bb global_colors_info=\u00a0\u00bb{}\u00a0\u00bb][et_pb_column type=\u00a0\u00bb3_5&Prime; _builder_version=\u00a0\u00bb4.19.0&Prime; _module_preset=\u00a0\u00bbdefault\u00a0\u00bb global_colors_info=\u00a0\u00bb{}\u00a0\u00bb][et_pb_text _builder_version=\u00a0\u00bb4.19.0&Prime; _module_preset=\u00a0\u00bbdefault\u00a0\u00bb header_5_text_color=\u00a0\u00bb#FFFFFF\u00a0\u00bb global_colors_info=\u00a0\u00bb{}\u00a0\u00bb]<\/p>\n<h5>J\u00e9sus est pr\u00e9sent dans les conversations avec la famille et les amis.<\/h5>\n<h5>Mais cela ne suffit pas \u00e0 motiver les gens \u00e0 prendre soin de la plan\u00e8te.<\/h5>\n<p>[\/et_pb_text][\/et_pb_column][et_pb_column type=\u00a0\u00bb2_5&Prime; _builder_version=\u00a0\u00bb4.19.0&Prime; _module_preset=\u00a0\u00bbdefault\u00a0\u00bb global_colors_info=\u00a0\u00bb{}\u00a0\u00bb][et_pb_blurb title=\u00a0\u00bb16.712&Prime; image=\u00a0\u00bbhttps:\/\/imission.world\/wp-content\/uploads\/2022\/11\/logo-d.svg\u00a0\u00bb icon_placement=\u00a0\u00bbleft\u00a0\u00bb _builder_version=\u00a0\u00bb4.19.0&Prime; _module_preset=\u00a0\u00bbdefault\u00a0\u00bb header_level=\u00a0\u00bbh5&Prime; header_font=\u00a0\u00bbInter|700|||||||\u00a0\u00bb header_text_color=\u00a0\u00bb#FFFFFF\u00a0\u00bb header_font_size=\u00a0\u00bb62px\u00a0\u00bb header_line_height=\u00a0\u00bb1.1em\u00a0\u00bb body_font=\u00a0\u00bbInter||||||||\u00a0\u00bb body_text_color=\u00a0\u00bb#FFFFFF\u00a0\u00bb body_font_size=\u00a0\u00bb16px\u00a0\u00bb body_line_height=\u00a0\u00bb1.55em\u00a0\u00bb custom_padding=\u00a0\u00bb||||true|true\u00a0\u00bb global_colors_info=\u00a0\u00bb{}\u00a0\u00bb]<\/p>\n<p>Enqu\u00eates analys\u00e9es<\/p>\n<p>[\/et_pb_blurb][\/et_pb_column][\/et_pb_row][\/et_pb_section][et_pb_section fb_built=\u00a0\u00bb1&Prime; module_class=\u00a0\u00bbtesela-avanzar\u00a0\u00bb _builder_version=\u00a0\u00bb4.19.0&Prime; _module_preset=\u00a0\u00bbdefault\u00a0\u00bb global_colors_info=\u00a0\u00bb{}\u00a0\u00bb][et_pb_row _builder_version=\u00a0\u00bb4.18.1&Prime; _module_preset=\u00a0\u00bbdefault\u00a0\u00bb global_colors_info=\u00a0\u00bb{}\u00a0\u00bb][et_pb_column type=\u00a0\u00bb4_4&Prime; _builder_version=\u00a0\u00bb4.18.1&Prime; _module_preset=\u00a0\u00bbdefault\u00a0\u00bb global_colors_info=\u00a0\u00bb{}\u00a0\u00bb][et_pb_text _builder_version=\u00a0\u00bb4.19.0&Prime; _module_preset=\u00a0\u00bbdefault\u00a0\u00bb text_orientation=\u00a0\u00bbcenter\u00a0\u00bb custom_margin=\u00a0\u00bb||0px||false|false\u00a0\u00bb global_colors_info=\u00a0\u00bb{}\u00a0\u00bb]<\/p>\n<h2>Comment aller de l&rsquo;avant ?<\/h2>\n<p>[\/et_pb_text][\/et_pb_column][\/et_pb_row][et_pb_row column_structure=\u00a0\u00bb1_2,1_2&Prime; _builder_version=\u00a0\u00bb4.19.0&Prime; _module_preset=\u00a0\u00bbdefault\u00a0\u00bb global_colors_info=\u00a0\u00bb{}\u00a0\u00bb][et_pb_column type=\u00a0\u00bb1_2&Prime; _builder_version=\u00a0\u00bb4.19.0&Prime; _module_preset=\u00a0\u00bbdefault\u00a0\u00bb background_color=\u00a0\u00bb#ffe9ce\u00a0\u00bb custom_padding=\u00a0\u00bb32px|32px|32px|32px|true|true\u00a0\u00bb border_radii=\u00a0\u00bbon|10px|10px|10px|10px\u00a0\u00bb global_colors_info=\u00a0\u00bb{}\u00a0\u00bb][et_pb_text _builder_version=\u00a0\u00bb4.19.0&Prime; _module_preset=\u00a0\u00bbdefault\u00a0\u00bb hover_enabled=\u00a0\u00bb0&Prime; global_colors_info=\u00a0\u00bb{}\u00a0\u00bb sticky_enabled=\u00a0\u00bb0&Prime;]<\/p>\n<p><strong>Niveau th\u00e9ologique<\/strong><\/p>\n<p>Il est plus n\u00e9cessaire que jamais de se rappeler que J\u00e9sus \u00e9tait un vrai homme ainsi qu&rsquo;un vrai Dieu, et qu&rsquo;essayer de suivre son exemple humain est un guide indispensable si l&rsquo;on veut \u00eatre un vrai chr\u00e9tien.<\/p>\n<p>&nbsp;<\/p>\n<p>[\/et_pb_text][\/et_pb_column][et_pb_column type=\u00a0\u00bb1_2&Prime; _builder_version=\u00a0\u00bb4.19.0&Prime; _module_preset=\u00a0\u00bbdefault\u00a0\u00bb background_color=\u00a0\u00bb#ffe9ce\u00a0\u00bb custom_padding=\u00a0\u00bb32px|32px|32px|32px|true|true\u00a0\u00bb border_radii=\u00a0\u00bbon|10px|10px|10px|10px\u00a0\u00bb global_colors_info=\u00a0\u00bb{}\u00a0\u00bb][et_pb_text _builder_version=\u00a0\u00bb4.19.0&Prime; _module_preset=\u00a0\u00bbdefault\u00a0\u00bb hover_enabled=\u00a0\u00bb0&Prime; global_colors_info=\u00a0\u00bb{}\u00a0\u00bb sticky_enabled=\u00a0\u00bb0&Prime;]<\/p>\n<p><strong>Niveau moral comportemental<\/strong><\/p>\n<p>Le comportement humain de J\u00e9sus est caract\u00e9ris\u00e9 par la pi\u00e9t\u00e9 envers tous, la confiance en Dieu, l&rsquo;exemplarit\u00e9 humaine et la disponibilit\u00e9 \u00e0 pardonner, et ce sont ces qualit\u00e9s qui devraient rayonner dans l&rsquo;\u00c9glise et chez tous les chr\u00e9tiens.<\/p>\n<p>&nbsp;<\/p>\n<p>[\/et_pb_text][\/et_pb_column][\/et_pb_row][et_pb_row column_structure=\u00a0\u00bb1_2,1_2&Prime; _builder_version=\u00a0\u00bb4.19.0&Prime; _module_preset=\u00a0\u00bbdefault\u00a0\u00bb global_colors_info=\u00a0\u00bb{}\u00a0\u00bb][et_pb_column type=\u00a0\u00bb1_2&Prime; _builder_version=\u00a0\u00bb4.19.0&Prime; _module_preset=\u00a0\u00bbdefault\u00a0\u00bb background_color=\u00a0\u00bb#ffe9ce\u00a0\u00bb custom_padding=\u00a0\u00bb32px|32px|32px|32px|true|true\u00a0\u00bb border_radii=\u00a0\u00bbon|10px|10px|10px|10px\u00a0\u00bb global_colors_info=\u00a0\u00bb{}\u00a0\u00bb][et_pb_text _builder_version=\u00a0\u00bb4.19.0&Prime; _module_preset=\u00a0\u00bbdefault\u00a0\u00bb hover_enabled=\u00a0\u00bb0&Prime; global_colors_info=\u00a0\u00bb{}\u00a0\u00bb sticky_enabled=\u00a0\u00bb0&Prime;]<\/p>\n<p><strong>Niveau structurel et organisationnel<\/strong><\/p>\n<p>Les \u00e9v\u00eaques et les pr\u00eatres devraient approfondir l&rsquo;exercice de leur autorit\u00e9 par l&rsquo;exemple plut\u00f4t que par des symboles, des privil\u00e8ges, des r\u00e8gles, etc.<\/p>\n<p>[\/et_pb_text][\/et_pb_column][et_pb_column type=\u00a0\u00bb1_2&Prime; _builder_version=\u00a0\u00bb4.19.0&Prime; _module_preset=\u00a0\u00bbdefault\u00a0\u00bb background_color=\u00a0\u00bb#ffe9ce\u00a0\u00bb custom_padding=\u00a0\u00bb32px|32px|32px|32px|true|true\u00a0\u00bb border_radii=\u00a0\u00bbon|10px|10px|10px|10px\u00a0\u00bb global_colors_info=\u00a0\u00bb{}\u00a0\u00bb][et_pb_text _builder_version=\u00a0\u00bb4.19.0&Prime; _module_preset=\u00a0\u00bbdefault\u00a0\u00bb hover_enabled=\u00a0\u00bb0&Prime; global_colors_info=\u00a0\u00bb{}\u00a0\u00bb sticky_enabled=\u00a0\u00bb0&Prime;]<\/p>\n<p><strong>Niveau pastoral-p\u00e9dagogique<\/strong><\/p>\n<p>Ce ne serait pas une mauvaise chose si, dans les \u00e9glises, \u00e0 c\u00f4t\u00e9 des symboles du chemin de croix, il y avait des images qui nous rappellent l&rsquo;humanit\u00e9 de J\u00e9sus et sa fa\u00e7on de se comporter. Contenu audiovisuel sur J\u00e9sus et discussions sur ce que J\u00e9sus aurait fait aujourd&rsquo;hui. Audio-visuels sur des personnes qui vivent comme J\u00e9sus aujourd&rsquo;hui.<\/p>\n<p>&nbsp;<\/p>\n<p>[\/et_pb_text][\/et_pb_column][\/et_pb_row][\/et_pb_section]<\/p>\n","protected":false},"excerpt":{"rendered":"<p>Aimer et vivre selon l&rsquo;exemple de J\u00e9susL&rsquo;authenticit\u00e9 dans le comportement des chr\u00e9tiens, qui eux aussi sont l&rsquo;\u00c9glise (16%)1. \u00c0 la recherche d&rsquo;une authenticit\u00e9 personnelle et collective par rapport \u00e0 ce que J\u00e9sus a enseign\u00e92. Contribuer \u00e0 renforcer les communaut\u00e9s et \u00e0 les rendre authentiques, cr\u00e9dibles, o\u00f9 les gens s&rsquo;aiment comme J\u00e9sus l&rsquo;a enseign\u00e9 et ainsi [&hellip;]<\/p>\n","protected":false},"author":7,"featured_media":0,"parent":0,"menu_order":0,"comment_status":"closed","ping_status":"closed","template":"","meta":{"_acf_changed":false,"_et_pb_use_builder":"on","_et_pb_old_content":"","_et_gb_content_width":"","inline_featured_image":false,"footnotes":""},"class_list":["post-6732","page","type-page","status-publish","hentry"],"acf":[],"_links":{"self":[{"href":"https:\/\/imission.world\/fr\/wp-json\/wp\/v2\/pages\/6732","targetHints":{"allow":["GET"]}}],"collection":[{"href":"https:\/\/imission.world\/fr\/wp-json\/wp\/v2\/pages"}],"about":[{"href":"https:\/\/imission.world\/fr\/wp-json\/wp\/v2\/types\/page"}],"author":[{"embeddable":true,"href":"https:\/\/imission.world\/fr\/wp-json\/wp\/v2\/users\/7"}],"replies":[{"embeddable":true,"href":"https:\/\/imission.world\/fr\/wp-json\/wp\/v2\/comments?post=6732"}],"version-history":[{"count":7,"href":"https:\/\/imission.world\/fr\/wp-json\/wp\/v2\/pages\/6732\/revisions"}],"predecessor-version":[{"id":7006,"href":"https:\/\/imission.world\/fr\/wp-json\/wp\/v2\/pages\/6732\/revisions\/7006"}],"wp:attachment":[{"href":"https:\/\/imission.world\/fr\/wp-json\/wp\/v2\/media?parent=6732"}],"curies":[{"name":"wp","href":"https:\/\/api.w.org\/{rel}","templated":true}]}}